{"id":1995,"date":"2018-05-23T18:35:14","date_gmt":"2018-05-23T16:35:14","guid":{"rendered":"http:\/\/ergoreklama.pl\/calisianew\/?page_id=112"},"modified":"2023-03-16T13:53:31","modified_gmt":"2023-03-16T11:53:31","slug":"zebrania","status":"publish","type":"page","link":"https:\/\/calisiahodowcy.pl\/?page_id=1995","title":{"rendered":"Zebrania"},"content":{"rendered":"<p style=\"text-align: left;\"><img loading=\"lazy\" decoding=\"async\" title=\"title-bg\" src=\"http:\/\/ergoreklama.pl\/calisianew\/wp-content\/uploads\/2011\/01\/title-bg1-300x1.png\" alt=\"\" width=\"300\" height=\"1\" \/><\/p>\n<h2><\/h2>\n<p><img loading=\"lazy\" decoding=\"async\" class=\"alignleft wp-image-423 size-full\" src=\"https:\/\/calisiahodowcy.pl\/wp-content\/uploads\/2011\/04\/kshpe_kontra-logo.png\" alt=\"\" width=\"32\" height=\"32\" \/><\/p>\n<h3>Zebrania KSHPE CALISIA odbywaj\u0105 si\u0119 w ka\u017cd\u0105 drug\u0105 \u015brod\u0119 miesi\u0105ca<br \/>\nza wyj\u0105tkiem wakacji (lipiec, sierpie\u0144) w Klubie Osiedlowym Kaliskiej Sp\u00f3\u0142dzielni Mieszkaniowej na <strong>ul. Serbinowskiej 25 w Kaliszu o godzinie 18:00<\/strong><\/h3>\n<p>[mappress mapid=&#8221;2&#8243;]<\/p>\n<p style=\"text-align: left;\"><img loading=\"lazy\" decoding=\"async\" title=\"title-bg\" src=\"http:\/\/ergoreklama.pl\/calisianew\/wp-content\/uploads\/2011\/01\/title-bg1-300x1.png\" alt=\"\" width=\"300\" height=\"1\" \/><\/p>\n<h2><img loading=\"lazy\" decoding=\"async\" class=\"alignleft wp-image-423 size-full\" src=\"https:\/\/calisiahodowcy.pl\/wp-content\/uploads\/2011\/04\/kshpe_kontra-logo.png\" alt=\"\" width=\"32\" height=\"32\" \/>Sprawozdanie z Zebrania w dniu 10.09.2014<\/h2>\n<h3>1. Powitanie hodowc\u00f3w po przerwie wakacyjnej.<\/h3>\n<h3>2. Relacja z wystawy ptak\u00f3w egzotycznych w Niepublicznym Przedszkolu Calineczka. Relacja oraz fotorelacja dost\u0119pna na stronie KSHPE Calisia.<\/h3>\n<h3>3. Organizacja wyjazdu do O\u0142omu\u0144ca na wystaw\u0119 oraz gie\u0142d\u0119 do Prerov w pa\u017adzierniku.<\/h3>\n<h3>4. Platforma internetowa PFO . Om\u00f3wienie nowego systemu zam\u00f3wie\u0144 na obr\u0105czki.<\/h3>\n<h3>5. Zam\u00f3wienie na obr\u0105czki na 2015.<\/h3>\n<h3>6. Wizyt\u00f3wki zwi\u0105zkowe &#8211; zam\u00f3wienie.<\/h3>\n<h3>7. 77 Ornitologiczne Mistrzostwa Polski w Czeladzi.<\/h3>\n<h3>8. Wystawa ptak\u00f3w egzotycznych KSHPE Calisia wraz z konkursem.<\/h3>\n<h3>9. Pytania i Wnioski.<\/h3>\n<h3>10. Zako\u0144czenie zebrania<\/h3>\n<h3>Pozdrawiam<br \/>\nSekretarz Rados\u0142aw Musielak<\/h3>\n<p style=\"text-align: left;\">\n<p style=\"text-align: left;\">\n<h2><img loading=\"lazy\" decoding=\"async\" class=\"alignleft wp-image-423 size-full\" src=\"https:\/\/calisiahodowcy.pl\/wp-content\/uploads\/2011\/04\/kshpe_kontra-logo.png\" alt=\"\" width=\"32\" height=\"32\" \/>Sprawozdanie z Zebrania w dniu 11.06.2014<\/h2>\n<h3>1. Powitanie hodowc\u00f3w.<\/h3>\n<h3>2. Przedstawienie przez Jaros\u0142awa Burego oferty sklepu &#8222;Z\u0142ota Rybka&#8221; z Ostrowa Wielkopolskiego.<\/h3>\n<h3>3. Wystawa w Nekli &#8222;Noc Kupa\u0142y&#8221; dn 21 Czerwca 2014 &#8211; Organizacja wycieczki na wystawe.<\/h3>\n<h3>4. Wystawa w Poznaniu w dniach 25-26 Pa\u017adziernika &#8211; przedstawienie regulaminu przyst\u0105pienia do wystawy.<\/h3>\n<h3>5. Organizacja spotkania integracyjnego &#8211; om\u00f3wienie szczeg\u00f3\u0142\u00f3w.<\/h3>\n<h3>6. Wystawa ptak\u00f3w Egzotycznych dla przedszkolak\u00f3w w Niepublicznym Przedszkolu &#8222;Calineczka&#8221; .<\/h3>\n<h3>7. Przypomnienie o corocznej wystawie KSHPE Calisia w listopadzie &#8211; pro\u015bba o pozostawienie ptak\u00f3w na wystaw\u0119 oraz konkurs.<\/h3>\n<h3>8. Przerwa Wakacyjna Lipiec-Sierpie\u0144.<\/h3>\n<h3>9. Pytania i Wnioski.<\/h3>\n<h3>10. Zako\u0144czenie zebrania<\/h3>\n<h3>Pozdrawiam<br \/>\nSekretarz Rados\u0142aw Musielak<\/h3>\n<h2><img loading=\"lazy\" decoding=\"async\" class=\"alignleft wp-image-423 size-full\" src=\"https:\/\/calisiahodowcy.pl\/wp-content\/uploads\/2011\/04\/kshpe_kontra-logo.png\" alt=\"\" width=\"32\" height=\"32\" \/>Sprawozdanie z Zebrania w dniu 14.05.2014<\/h2>\n<h3>1. Powitanie hodowc\u00f3w.<\/h3>\n<h3>2. Przywitanie nowego kolegi &#8211; Wac\u0142awa Podlasa &#8211; hodowcy drobnej egzotyki : Amadyn Wspania\u0142ych, Amadyn Zebrowatych oraz mewek Japo\u0144skich.<\/h3>\n<h3>3. Wystawa w Nekli &#8222;Noc Kupa\u0142y&#8221; dn 21 Czerwca 2014 &#8211; Organizacja wycieczki na wystawe.<\/h3>\n<h3>4. Przedstawienie oferty karm dla ptak\u00f3w z firmy Quicko oraz Verse- Laga.<\/h3>\n<h3>5. Organizacja spotkania integracyjnego &#8211; om\u00f3wienie szczeg\u00f3\u0142\u00f3w.<\/h3>\n<h3>6. Obr\u0105czki sezon 2014 &#8211; zam\u00f3wienie zosta\u0142o z\u0142o\u017cone dn 29.04.2014.<\/h3>\n<h3>7. Przypomnienie o prezentacji Jarka Burego na temat grit\u00f3w i minera\u0142\u00f3w dla ptak\u00f3w kt\u00f3ra odb\u0119dzie si\u0119 na czerwcowym zebraniu dn 11.06.2014r.<\/h3>\n<h3>8. Przypomnienie o Czerwcowym zebraniu kt\u00f3re b\u0119dzie ostatnim zebraniem przed wakacjami. Zebranie bardzo wa\u017cne z racji organizacji wielu wydarze\u0144 odbywaj\u0105cych si\u0119 podczas przerwy wakacyjnej.<\/h3>\n<h3>9. Pytania i Wnioski.<\/h3>\n<h3>10. Zako\u0144czenie zebrania<\/h3>\n<h3>Pozdrawiam<br \/>\nSekretarz Rados\u0142aw Musielak<\/h3>\n<h2><\/h2>\n<h2><img loading=\"lazy\" decoding=\"async\" class=\"alignleft wp-image-423 size-full\" src=\"https:\/\/calisiahodowcy.pl\/wp-content\/uploads\/2011\/04\/kshpe_kontra-logo.png\" alt=\"\" width=\"32\" height=\"32\" \/>Sprawozdanie z Zebrania w dniu 09.04.2014<\/h2>\n<h3>1. Powitanie hodowc\u00f3w.<\/h3>\n<h3>2. Wspomnienie i chwila ciszy za zmar\u0142ego koleg\u0119 oraz hodowc\u0119 Rados\u0142awa Szyma\u0144skiego.<\/h3>\n<h3>3. Sprawozdanie z Walnego Zebrania KSHPE Calisia z dn. 15.03.2014r.<\/h3>\n<h3>4. Sprawozdanie z Walnego Zjazdu Delegat\u00f3w PFO w Katowicach na kt\u00f3rym by\u0142o trzech naszych cz\u0142onk\u00f3w &#8211; kol. Andrzej Werbli\u0144ski, Leonard Majda oraz Rados\u0142aw Musielak. Sprawozdanie dost\u0119pne u prezesa Andrzeja Werbli\u0144skiego.<\/h3>\n<h3>5. Planowanie jesiennego wyjazdu na gie\u0142d\u0119 do Prerov w Czechach.<\/h3>\n<h3>6. Pro\u015bba Prezesa Andrzeja Werbli\u0144skiego o dostarczanie danych oraz galerii hodowli aby mo\u017cna by\u0142o aktualizowa\u0107 stron\u0119 internetow\u0105.<\/h3>\n<h3>7.Ma\u0142y Grant &#8211; Co ? Z czym ? i Dlaczego? Wiadomo\u015bci dotycz\u0105ce wsparcia miasta dla instytucji wykonuj\u0105cych zadania publiczne. Wszelkie informacje mo\u017cna uzyska\u0107 u sekretarza Rados\u0142awa Musielaka.<\/h3>\n<h3>8. Organizowanie zakupu ziarna z hurtowni Micha\u0142a Ho\u017celi &#8211; prezydenta PFO. Dost\u0119pno\u015b\u0107 oraz ceny produkt\u00f3w.<\/h3>\n<h3>9. Pytania i Wnioski.<\/h3>\n<h3>10. Zako\u0144czenie zebrania<\/h3>\n<h3>Pozdrawiam<br \/>\nSekretarz Rados\u0142aw Musielak<\/h3>\n<h2><\/h2>\n<h2><img loading=\"lazy\" decoding=\"async\" class=\"alignleft wp-image-423 size-full\" src=\"https:\/\/calisiahodowcy.pl\/wp-content\/uploads\/2011\/04\/kshpe_kontra-logo.png\" alt=\"\" width=\"32\" height=\"32\" \/>Sprawozdanie z Zebrania w dniu 12.03.2014<\/h2>\n<h3>1. Powitanie hodowc\u00f3w.<\/h3>\n<h3>2. Ostatnie przygotowania do Walnego Zebrania KSHPE Calisia kt\u00f3re odb\u0119dzie si\u0119 15.03.2014.<\/h3>\n<h3>3. Wolne Wnioski<\/h3>\n<h3>Sprawozdanie z Walnego Zebrania dost\u0119pne jest na g\u0142\u00f3wnej stronie KSHPE Calisia.<\/h3>\n<h3>Pozdrawiam<br \/>\nSekretarz Rados\u0142aw Musielak<\/h3>\n<h2><\/h2>\n<h2><img loading=\"lazy\" decoding=\"async\" class=\"alignleft wp-image-423 size-full\" src=\"https:\/\/calisiahodowcy.pl\/wp-content\/uploads\/2011\/04\/kshpe_kontra-logo.png\" alt=\"\" width=\"32\" height=\"32\" \/>Sprawozdanie z Zebrania w dniu 12.02.2014<\/h2>\n<h3>1. Powitanie hodowc\u00f3w.<\/h3>\n<h3>2. Przywitanie nowych hodowc\u00f3w ch\u0119tnych wst\u0105pi\u0107 w szeregi naszego Stowarzyszenia.<\/h3>\n<h3>3. Informacja dotycz\u0105ca odbywaj\u0105cego si\u0119 w dniu 29.03.2014 Walnego Zebrania Polskiej Federacji Ornitologicznej w Katowicach.<\/h3>\n<h3>4. Ustanowienie daty Walnego Zebrania Stowarzyszenia KSHPE Calisia na dzie\u0144 15.03.2014, kt\u00f3re jak co rok odb\u0119dzie si\u0119 w Restauracji Emilia na ulicy Cz\u0119stochowskiej w Kaliszu.<\/h3>\n<h3>5. Wyb\u00f3r delegat\u00f3w na Walne Zebranie PFO:<\/h3>\n<h3>&#8211; Andrzej Werbli\u0144ski<\/h3>\n<h3>&#8211; Leonard Majda<\/h3>\n<h3>&#8211; Rados\u0142aw Musielak<\/h3>\n<h3>oraz delegat\u00f3w rezerwowych :<\/h3>\n<h3>&#8211; Rados\u0142aw Szyma\u0144ski<\/h3>\n<h3>&#8211; Marta Bie\u0144<\/h3>\n<h3>&#8211; W\u0142odzimierz \u015awitalski<\/h3>\n<h3>6. Rozdanie obr\u0105czek zwi\u0105zkowych oraz ustalenie dodatkowego terminu zam\u00f3wie\u0144.<\/h3>\n<h3>7. Legitymacje zwi\u0105zkowe.<\/h3>\n<h3>8. Zam\u00f3wienia na wizyt\u00f3wki.<\/h3>\n<h3>9. Pytania i wnioski<\/h3>\n<h3>10. Zako\u0144czenie zebrania.<\/h3>\n<h3>Pozdrawiam<br \/>\nSekretarz Rados\u0142aw Musielak<\/h3>\n<h2><\/h2>\n<h2><img loading=\"lazy\" decoding=\"async\" class=\"alignleft wp-image-423 size-full\" src=\"https:\/\/calisiahodowcy.pl\/wp-content\/uploads\/2011\/04\/kshpe_kontra-logo.png\" alt=\"\" width=\"32\" height=\"32\" \/>Sprawozdanie z Zebrania w dniu 08.01.2014<\/h2>\n<h3>1. Powitanie hodowc\u00f3w po przerwie \u015awi\u0105tecznej.<\/h3>\n<h3>2. Lu\u017ana rozmowa dotycz\u0105ca os\u00f3b nie zrzeszonych, kt\u00f3re s\u0105 zainteresowane hodowl\u0105 ptak\u00f3w.<\/h3>\n<h3>3. Prezentacja Prezesa Andrzeja Werbli\u0144skiego ksi\u0105\u017cki E-book o tematyce hodowlanej<\/h3>\n<h3>4. Przypomnienie o ko\u0144cz\u0105cym si\u0119 terminie op\u0142aty sk\u0142adki na rok 2014 \u2013 termin przed\u0142u\u017cony do 28 lutego.<\/h3>\n<h3>5. Propozycja walnego zebrania na dzie\u0144 01.03.2014. Bardziej szczeg\u00f3\u0142owe informacje ustalone b\u0119d\u0105 na zebraniu w dniu 12.02.2014<\/h3>\n<h3>6. Cz\u0142onkostwo w KSHPE \u2013 szczeg\u00f3\u0142owa analiza listy cz\u0142onk\u00f3w ucz\u0119szczaj\u0105cych na zebrania oraz wykre\u015blenie os\u00f3b nie zainteresowanych.<\/h3>\n<h3>7. Posumowanie 76. Mistrzostw Polski w Czeladzi organizowanych przez Polsk\u0105 Federacj\u0119 Ornitologiczn\u0105.<\/h3>\n<h3>Wyniki naszych koleg\u00f3w ze stowarzyszenia:<\/h3>\n<h3><strong>CIH\u00a0\u00a0\u00a0\u00a0\u00a0\u00a0\u00a0\u00a0 Hodowca\u00a0\u00a0\u00a0\u00a0\u00a0\u00a0\u00a0\u00a0\u00a0\u00a0 Wynik\u00a0\u00a0\u00a0\u00a0\u00a0\u00a0 Klasa\u00a0\u00a0\u00a0\u00a0\u00a0\u00a0\u00a0\u00a0\u00a0\u00a0\u00a0\u00a0\u00a0\u00a0\u00a0\u00a0\u00a0\u00a0\u00a0\u00a0\u00a0\u00a0\u00a0\u00a0\u00a0\u00a0\u00a0\u00a0\u00a0\u00a0\u00a0\u00a0\u00a0\u00a0\u00a0\u00a0\u00a0\u00a0\u00a0\u00a0\u00a0\u00a0\u00a0\u00a0\u00a0\u00a0\u00a0\u00a0\u00a0\u00a0\u00a0 Miejsce<\/strong><\/h3>\n<h3><span style=\"font-family: sans-serif;\"><span style=\"font-size: small;\">P184\u00a0\u00a0\u00a0\u00a0\u00a0\u00a0\u00a0\u00a0\u00a0 <\/span><\/span><span style=\"font-family: sans-serif;\"><span style=\"font-size: small;\">ADAM PERA\u00a0\u00a0\u00a0\u00a0\u00a0\u00a0\u00a0\u00a0\u00a0 358\u00a0\u00a0\u00a0\u00a0\u00a0\u00a0\u00a0\u00a0\u00a0\u00a0\u00a0\u00a0\u00a0 Nieroz\u0142\u0105czka czerwonoczelna \u2013 zielona \u00a0\u00a0 Mistrz Polski<\/span><\/span><\/h3>\n<h3><span style=\"font-family: sans-serif;\"><span style=\"font-size: small;\">P184 \u00a0 \u00a0 \u00a0 \u00a0\u00a0 <\/span><\/span><span style=\"font-family: sans-serif;\"><span style=\"font-size: small;\">ADAM PERA\u00a0\u00a0\u00a0\u00a0\u00a0\u00a0\u00a0\u00a0\u00a0 35<\/span><\/span><span style=\"font-family: sans-serif;\"><span style=\"font-size: small;\">6 \u00a0 \u00a0 \u00a0 \u00a0 \u00a0 \u00a0\u00a0<\/span><\/span><span style=\"font-family: sans-serif;\"><span style=\"font-size: small;\"> Nieroz\u0142\u0105czka czerwonoczelna \u2013 zielona\u00a0\u00a0\u00a0 <\/span><\/span><span style=\"font-family: sans-serif;\"><span style=\"font-size: small;\">W<\/span><\/span><span style=\"font-family: sans-serif;\"><span style=\"font-size: small;\">&#8211;<\/span><\/span><span style=\"font-family: sans-serif;\"><span style=\"font-size: small;\">c<\/span><\/span><span style=\"font-family: sans-serif;\"><span style=\"font-size: small;\">m <\/span><\/span><span style=\"font-family: sans-serif;\"><span style=\"font-size: small;\">Polski<\/span><\/span><\/h3>\n<h3><span style=\"font-family: sans-serif;\"><span style=\"font-size: small;\">P184\u00a0\u00a0\u00a0\u00a0\u00a0\u00a0\u00a0\u00a0\u00a0 <\/span><\/span><span style=\"font-family: sans-serif;\"><span style=\"font-size: small;\">ADAM PERA\u00a0\u00a0\u00a0\u00a0\u00a0\u00a0\u00a0\u00a0\u00a0 3<\/span><\/span><span style=\"font-family: sans-serif;\"><span style=\"font-size: small;\">63<\/span><\/span><span style=\"font-family: sans-serif;\"><span style=\"font-size: small;\">\u00a0\u00a0\u00a0\u00a0\u00a0\u00a0\u00a0\u00a0\u00a0\u00a0\u00a0\u00a0\u00a0 Nieroz\u0142\u0105czka czerwonoczelna \u2013 <\/span><\/span><span style=\"font-family: sans-serif;\"><span style=\"font-size: small;\">Pom.\u00a0\u00a0\u00a0\u00a0\u00a0\u00a0\u00a0 <\/span><\/span><span style=\"font-family: sans-serif;\"><span style=\"font-size: small;\">Mistrz Polski<\/span><\/span><\/h3>\n<h3><span style=\"font-family: sans-serif;\"><span style=\"font-size: small;\">P184\u00a0\u00a0\u00a0\u00a0\u00a0\u00a0\u00a0\u00a0\u00a0 <\/span><\/span><span style=\"font-family: sans-serif;\"><span style=\"font-size: small;\">ADAM PERA\u00a0\u00a0\u00a0\u00a0\u00a0\u00a0\u00a0\u00a0\u00a0 35<\/span><\/span><span style=\"font-family: sans-serif;\"><span style=\"font-size: small;\">7<\/span><\/span><span style=\"font-family: sans-serif;\"><span style=\"font-size: small;\">\u00a0\u00a0\u00a0\u00a0\u00a0\u00a0\u00a0\u00a0\u00a0\u00a0\u00a0\u00a0\u00a0 Nieroz\u0142\u0105czka czerwonoczelna \u2013 <\/span><\/span><span style=\"font-family: sans-serif;\"><span style=\"font-size: small;\">Pom.\u00a0\u00a0\u00a0\u00a0\u00a0\u00a0\u00a0 W-cm <\/span><\/span><span style=\"font-family: sans-serif;\"><span style=\"font-size: small;\">Polski<\/span><\/span><\/h3>\n<h3><span style=\"font-family: sans-serif;\"><span style=\"font-size: small;\">W274<\/span><\/span><span style=\"font-family: sans-serif;\"><span style=\"font-size: small;\">\u00a0\u00a0\u00a0\u00a0\u00a0\u00a0\u00a0\u00a0 A<\/span><\/span><span style=\"font-family: sans-serif;\"><span style=\"font-size: small;\">. WERBLI\u0143SKI<\/span><\/span><span style=\"font-family: sans-serif;\"><span style=\"font-size: small;\">\u00a0\u00a0\u00a0 35<\/span><\/span><span style=\"font-family: sans-serif;\"><span style=\"font-size: small;\">9<\/span><\/span><span style=\"font-family: sans-serif;\"><span style=\"font-size: small;\">\u00a0\u00a0\u00a0\u00a0\u00a0\u00a0\u00a0\u00a0\u00a0\u00a0\u00a0 \u00a0\u00a0 Nieroz\u0142\u0105czka czerwonoczelna <\/span><\/span><span style=\"font-family: sans-serif;\"><span style=\"font-size: small;\">&#8211; mutacje \u00a0\u00a0<\/span><\/span><span style=\"font-family: sans-serif;\"><span style=\"font-size: small;\"> Mistrz Polski<\/span><\/span><\/h3>\n<h3><span style=\"font-family: sans-serif;\"><span style=\"font-size: small;\">W274<\/span><\/span><span style=\"font-family: sans-serif;\"><span style=\"font-size: small;\">\u00a0\u00a0\u00a0\u00a0\u00a0\u00a0\u00a0\u00a0 A<\/span><\/span><span style=\"font-family: sans-serif;\"><span style=\"font-size: small;\">. WERBLI\u0143SKI<\/span><\/span><span style=\"font-family: sans-serif;\"><span style=\"font-size: small;\">\u00a0\u00a0\u00a0 3<\/span><\/span><span style=\"font-family: sans-serif;\"><span style=\"font-size: small;\">55 \u00a0 \u00a0 \u00a0 \u00a0 \u00a0 \u00a0 \u00a0<\/span><\/span><span style=\"font-family: sans-serif;\"><span style=\"font-size: small;\"> Nieroz\u0142\u0105czka czerwonoczelna <\/span><\/span><span style=\"font-family: sans-serif;\"><span style=\"font-size: small;\">&#8211; mutacje\u00a0\u00a0\u00a0 <\/span><\/span><span style=\"font-family: sans-serif;\"><span style=\"font-size: small;\">W-cm<\/span><\/span><span style=\"font-family: sans-serif;\"><span style=\"font-size: small;\">Polski<\/span><\/span><\/h3>\n<h3><span style=\"font-family: sans-serif;\"><span style=\"font-size: small;\">S232\u00a0\u00a0\u00a0\u00a0\u00a0\u00a0\u00a0\u00a0\u00a0 <\/span><\/span><span style=\"font-family: sans-serif;\"><span style=\"font-size: small;\">R. SZYMA\u0143SKI\u00a0\u00a0\u00a0\u00a0\u00a0 <\/span><\/span><span style=\"font-family: sans-serif;\"><span style=\"font-size: small;\">361\u00a0\u00a0\u00a0\u00a0\u00a0\u00a0\u00a0\u00a0\u00a0\u00a0\u00a0\u00a0\u00a0\u00a0 <\/span><\/span><span style=\"font-family: sans-serif;\"><span style=\"font-size: small;\">Mnicha<\/span><\/span><span style=\"font-family: sans-serif;\"><span style=\"font-size: small;\"> kolor klasyczny\u00a0\u00a0\u00a0\u00a0\u00a0\u00a0\u00a0\u00a0\u00a0\u00a0\u00a0\u00a0\u00a0\u00a0\u00a0\u00a0\u00a0\u00a0\u00a0\u00a0\u00a0\u00a0\u00a0\u00a0\u00a0\u00a0\u00a0\u00a0\u00a0 <\/span><\/span><span style=\"font-family: sans-serif;\"><span style=\"font-size: small;\">Mistrz <\/span><\/span><span style=\"font-family: sans-serif;\"><span style=\"font-size: small;\">Polski<\/span><\/span><\/h3>\n<h3><span style=\"font-family: sans-serif;\"><span style=\"font-size: small;\">M239\u00a0\u00a0\u00a0\u00a0\u00a0\u00a0\u00a0\u00a0 <\/span><\/span><span style=\"font-family: sans-serif;\"><span style=\"font-size: small;\">LEONARD MAJDA<\/span><\/span><span style=\"font-family: sans-serif;\"><span style=\"font-size: small;\">\u00a0 3<\/span><\/span><span style=\"font-family: sans-serif;\"><span style=\"font-size: small;\">63<\/span><\/span><span style=\"font-family: sans-serif;\"><span style=\"font-size: small;\">\u00a0\u00a0\u00a0\u00a0\u00a0\u00a0\u00a0\u00a0\u00a0\u00a0\u00a0\u00a0\u00a0 Mnicha<\/span><\/span><span style=\"font-family: sans-serif;\"><span style=\"font-size: small;\"> \u2013 mutacje\u00a0\u00a0\u00a0\u00a0\u00a0\u00a0\u00a0\u00a0\u00a0\u00a0\u00a0\u00a0\u00a0\u00a0\u00a0\u00a0\u00a0\u00a0\u00a0\u00a0\u00a0\u00a0\u00a0\u00a0\u00a0\u00a0\u00a0\u00a0\u00a0\u00a0\u00a0\u00a0\u00a0\u00a0\u00a0\u00a0\u00a0\u00a0 Mistrz <\/span><\/span><span style=\"font-family: sans-serif;\"><span style=\"font-size: small;\">Polski<\/span><\/span><\/h3>\n<h3><span style=\"font-family: sans-serif;\"><span style=\"font-size: small;\">M239\u00a0\u00a0\u00a0\u00a0\u00a0\u00a0\u00a0\u00a0 <\/span><\/span><span style=\"font-family: sans-serif;\"><span style=\"font-size: small;\">LEONARD MAJDA<\/span><\/span><span style=\"font-family: sans-serif;\"><span style=\"font-size: small;\">\u00a0 89<\/span><\/span><span style=\"font-family: sans-serif;\"><span style=\"font-size: small;\">\u00a0\u00a0\u00a0\u00a0\u00a0\u00a0\u00a0\u00a0\u00a0\u00a0\u00a0\u00a0\u00a0\u00a0\u00a0 Mnicha<\/span><\/span><span style=\"font-family: sans-serif;\"><span style=\"font-size: small;\"> \u2013 mutacje\u00a0\u00a0\u00a0\u00a0\u00a0\u00a0\u00a0\u00a0\u00a0\u00a0\u00a0\u00a0\u00a0\u00a0\u00a0\u00a0\u00a0\u00a0\u00a0\u00a0\u00a0\u00a0\u00a0\u00a0\u00a0\u00a0\u00a0\u00a0\u00a0\u00a0\u00a0\u00a0\u00a0\u00a0\u00a0\u00a0\u00a0\u00a0 Mistrz <\/span><\/span><span style=\"font-family: sans-serif;\"><span style=\"font-size: small;\">Polsk<\/span><\/span><span style=\"font-family: sans-serif;\"><span style=\"font-size: small;\">i <\/span><\/span><\/h3>\n<h3>8. Pytania i wolne wnioski<\/h3>\n<h3>9. Zako\u0144czenie zebrania.<\/h3>\n<h3>Pozdrawiam<br \/>\nSekretarz Rados\u0142aw Musielak<\/h3>\n<h2><\/h2>\n<h2><img loading=\"lazy\" decoding=\"async\" class=\"alignleft wp-image-423 size-full\" src=\"https:\/\/calisiahodowcy.pl\/wp-content\/uploads\/2011\/04\/kshpe_kontra-logo.png\" alt=\"\" width=\"32\" height=\"32\" \/>Sprawozdania z Zebra\u0144 w z roku 2013 dost\u0119pne do wgl\u0105du u Sekretarza Rados\u0142awa Musielaka.<\/h2>\n","protected":false},"excerpt":{"rendered":"<p>Zebrania KSHPE CALISIA odbywaj\u0105 si\u0119 w ka\u017cd\u0105 drug\u0105 \u015brod\u0119 miesi\u0105ca za wyj\u0105tkiem wakacji (lipiec, sierpie\u0144) w Klubie Osiedlowym Kaliskiej Sp\u00f3\u0142dzielni Mieszkaniowej na ul. Serbinowskiej 25 w Kaliszu o godzinie 18:00 [mappress mapid=&#8221;2&#8243;] Sprawozdanie z Zebrania w dniu 10.09.2014 1. Powitanie hodowc\u00f3w po przerwie wakacyjnej. 2. Relacja z wystawy ptak\u00f3w egzotycznych w Niepublicznym Przedszkolu Calineczka. Relacja &hellip; <\/p>\n<p class=\"link-more\"><a href=\"https:\/\/calisiahodowcy.pl\/?page_id=1995\" class=\"more-link\">Czytaj dalej<span class=\"screen-reader-text\"> \u201eZebrania\u201d<\/span><\/a><\/p>\n","protected":false},"author":1,"featured_media":0,"parent":0,"menu_order":0,"comment_status":"closed","ping_status":"closed","template":"","meta":{"footnotes":""},"class_list":["post-1995","page","type-page","status-publish","hentry"],"aioseo_notices":[],"_links":{"self":[{"href":"https:\/\/calisiahodowcy.pl\/index.php?rest_route=\/wp\/v2\/pages\/1995","targetHints":{"allow":["GET"]}}],"collection":[{"href":"https:\/\/calisiahodowcy.pl\/index.php?rest_route=\/wp\/v2\/pages"}],"about":[{"href":"https:\/\/calisiahodowcy.pl\/index.php?rest_route=\/wp\/v2\/types\/page"}],"author":[{"embeddable":true,"href":"https:\/\/calisiahodowcy.pl\/index.php?rest_route=\/wp\/v2\/users\/1"}],"replies":[{"embeddable":true,"href":"https:\/\/calisiahodowcy.pl\/index.php?rest_route=%2Fwp%2Fv2%2Fcomments&post=1995"}],"version-history":[{"count":1,"href":"https:\/\/calisiahodowcy.pl\/index.php?rest_route=\/wp\/v2\/pages\/1995\/revisions"}],"predecessor-version":[{"id":4577,"href":"https:\/\/calisiahodowcy.pl\/index.php?rest_route=\/wp\/v2\/pages\/1995\/revisions\/4577"}],"wp:attachment":[{"href":"https:\/\/calisiahodowcy.pl\/index.php?rest_route=%2Fwp%2Fv2%2Fmedia&parent=1995"}],"curies":[{"name":"wp","href":"https:\/\/api.w.org\/{rel}","templated":true}]}}